{"id":1699,"date":"2018-05-26T22:21:07","date_gmt":"2018-05-26T20:21:07","guid":{"rendered":"https:\/\/olistori.menestys-consulting.fr\/boutique\/monte-de-portugal-galega\/"},"modified":"2023-07-23T10:10:32","modified_gmt":"2023-07-23T08:10:32","slug":"monte-de-portugal-galega","status":"publish","type":"product","link":"https:\/\/www.olistori.com\/de\/boutique\/monte-de-portugal-galega\/","title":{"rendered":"MONTE DE PORTUGAL Galega"},"content":{"rendered":"<div class=\"fusion-fullwidth fullwidth-box fusion-builder-row-1 nonhundred-percent-fullwidth non-hundred-percent-height-scrolling\" style=\"--awb-border-radius-top-left:0px;--awb-border-radius-top-right:0px;--awb-border-radius-bottom-right:0px;--awb-border-radius-bottom-left:0px;--awb-flex-wrap:wrap;\" ><div class=\"fusion-builder-row fusion-row\"><div class=\"fusion-layout-column fusion_builder_column fusion-builder-column-0 fusion_builder_column_1_1 1_1 fusion-one-full fusion-column-first fusion-column-last\" style=\"--awb-bg-size:cover;--awb-margin-bottom:0px;\"><div class=\"fusion-column-wrapper fusion-flex-column-wrapper-legacy\"><div class=\"fusion-text fusion-text-1 oli-text-description\"><p><img decoding=\"async\" class=\"size-full wp-image-300 alignleft\" src=\"https:\/\/www.olistori.com\/wp-content\/uploads\/2018\/04\/oli-picto-nez.png\" alt=\"\" width=\"40\" height=\"40\" \/>Ar\u00f4mes de pommes et de fruits secs<\/p>\n<\/div><div class=\"fusion-text fusion-text-2 oli-text-description\"><p><a href=\"https:\/\/www.olistori.com\/wp-content\/uploads\/2018\/04\/oli-picto-oeil.png\"><img decoding=\"async\" class=\"size-full wp-image-299 alignleft\" src=\"https:\/\/www.olistori.com\/wp-content\/uploads\/2018\/04\/oli-picto-oeil.png\" alt=\"\" width=\"39\" height=\"19\" \/><\/a> Douce voir l\u00e9g\u00e8rement sucr\u00e9 en d\u00e9but, rehauss\u00e9e par l\u00e9ger piquant en fin<\/p>\n<\/div><div class=\"fusion-sep-clear\"><\/div><div class=\"fusion-separator fusion-full-width-sep\" style=\"margin-left: auto;margin-right: auto;margin-top:10px;margin-bottom:10px;width:100%;\"><\/div><div class=\"fusion-sep-clear\"><\/div><div class=\"fusion-progressbar fusion-progressbar-text-on-bar oli-progressbar\" style=\"--awb-textcolor:#6b6a4b;--awb-height:20px;--awb-filledcolor:#baac28;--awb-unfilledcolor:#f0f0ed;\"><div class=\"fusion-progressbar-bar progress-bar\"><div class=\"progress progress-bar-content\" style=\"width:0%;\" role=\"progressbar\" aria-labelledby=\"awb-progressbar-label-1\" aria-valuemin=\"0\" aria-valuemax=\"100\" aria-valuenow=\"75\"><\/div><\/div> <span class=\"progress-title\" style=\"right: calc(15px + 25%);\"><span class=\"fusion-progressbar-text\" id=\"awb-progressbar-label-1\">Intensit\u00e4t<\/span> <\/span><\/div><div class=\"fusion-progressbar fusion-progressbar-text-on-bar oli-progressbar\" style=\"--awb-textcolor:#6b6a4b;--awb-height:20px;--awb-filledcolor:#baac28;--awb-unfilledcolor:#f0f0ed;\"><div class=\"fusion-progressbar-bar progress-bar\"><div class=\"progress progress-bar-content\" style=\"width:0%;\" role=\"progressbar\" aria-labelledby=\"awb-progressbar-label-2\" aria-valuemin=\"0\" aria-valuemax=\"100\" aria-valuenow=\"45\"><\/div><\/div> <span class=\"progress-title\" style=\"right: calc(15px + 55%);\"><span class=\"fusion-progressbar-text\" id=\"awb-progressbar-label-2\">FRUCHTGR\u00dcN<\/span> <\/span><\/div><div class=\"fusion-progressbar fusion-progressbar-text-on-bar oli-progressbar\" style=\"--awb-textcolor:#6b6a4b;--awb-height:20px;--awb-filledcolor:#baac28;--awb-unfilledcolor:#f0f0ed;\"><div class=\"fusion-progressbar-bar progress-bar\"><div class=\"progress progress-bar-content\" style=\"width:0%;\" role=\"progressbar\" aria-labelledby=\"awb-progressbar-label-3\" aria-valuemin=\"0\" aria-valuemax=\"100\" aria-valuenow=\"70\"><\/div><\/div> <span class=\"progress-title\" style=\"right: calc(15px + 30%);\"><span class=\"fusion-progressbar-text\" id=\"awb-progressbar-label-3\">FRUCHTIGKEIT<\/span> <\/span><\/div><div class=\"fusion-progressbar fusion-progressbar-text-on-bar oli-progressbar\" style=\"--awb-textcolor:#6b6a4b;--awb-height:20px;--awb-filledcolor:#baac28;--awb-unfilledcolor:#f0f0ed;\"><div class=\"fusion-progressbar-bar progress-bar\"><div class=\"progress progress-bar-content\" style=\"width:0%;\" role=\"progressbar\" aria-labelledby=\"awb-progressbar-label-4\" aria-valuemin=\"0\" aria-valuemax=\"100\" aria-valuenow=\"60\"><\/div><\/div> <span class=\"progress-title\" style=\"right: calc(15px + 40%);\"><span class=\"fusion-progressbar-text\" id=\"awb-progressbar-label-4\">ARDENCE<\/span> <\/span><\/div><div class=\"fusion-progressbar fusion-progressbar-text-on-bar oli-progressbar\" style=\"--awb-textcolor:#6b6a4b;--awb-height:20px;--awb-filledcolor:#baac28;--awb-unfilledcolor:#f0f0ed;\"><div class=\"fusion-progressbar-bar progress-bar\"><div class=\"progress progress-bar-content\" style=\"width:0%;\" role=\"progressbar\" aria-labelledby=\"awb-progressbar-label-5\" aria-valuemin=\"0\" aria-valuemax=\"100\" aria-valuenow=\"65\"><\/div><\/div> <span class=\"progress-title\" style=\"right: calc(15px + 35%);\"><span class=\"fusion-progressbar-text\" id=\"awb-progressbar-label-5\">L\u00c4NGE IM MUND<\/span> <\/span><\/div><div class=\"fusion-clearfix\"><\/div><\/div><\/div><\/div><\/div>\n","protected":false},"excerpt":{"rendered":"<p>Regionale Produktion : Alentejo Norte<\/p>\n<p>Extra natives Oliven\u00f6l der h\u00f6heren Kategorie, das direkt aus Oliven mit mechanischen Methoden und durch Kaltextraktion gewonnen wird, um alle urspr\u00fcnglichen Aromen der Fr\u00fcchte zu bewahren.<\/p>\n<p>Geschmack von Olive und Apfel<\/p>\n<p><a href=\"https:\/\/www.olistori.com\/wp-content\/uploads\/2018\/04\/oli-picto-description-courte.png\"><img decoding=\"async\" class=\"size-full wp-image-302 alignleft\" src=\"https:\/\/www.olistori.com\/wp-content\/uploads\/2018\/04\/oli-picto-description-courte.png\" alt=\"\" width=\"29\" height=\"29\" \/><\/a>Essenspaarung : S\u00fc\u00df zu Beginn andwas s\u00fc\u00df, am Ende durch eine leichte Gew\u00fcrze verst\u00e4rkt<\/p>\n<p>Erh\u00e4ltlich im 250ml Format.<\/p>\n","protected":false},"featured_media":20212,"comment_status":"closed","ping_status":"closed","template":"","meta":{"_exactmetrics_skip_tracking":false,"_exactmetrics_sitenote_active":false,"_exactmetrics_sitenote_note":"","_exactmetrics_sitenote_category":0},"product_cat":[76,77,73],"product_tag":[74],"yoast_head":"<!-- This site is optimized with the Yoast SEO plugin v23.0 - https:\/\/yoast.com\/wordpress\/plugins\/seo\/ -->\n<title>MONTE DE PORTUGAL Galega - Olistori<\/title>\n<meta name=\"robots\" content=\"index, follow, max-snippet:-1, max-image-preview:large, max-video-preview:-1\" \/>\n<link rel=\"canonical\" href=\"https:\/\/www.olistori.com\/de\/boutique\/monte-de-portugal-galega\/\" \/>\n<meta property=\"og:locale\" content=\"de_DE\" \/>\n<meta property=\"og:type\" content=\"article\" \/>\n<meta property=\"og:title\" content=\"MONTE DE PORTUGAL Galega - Olistori\" \/>\n<meta property=\"og:description\" content=\"Regionale Produktion : Alentejo Norte  Extra natives Oliven\u00f6l der h\u00f6heren Kategorie, das direkt aus Oliven mit mechanischen Methoden und durch Kaltextraktion gewonnen wird, um alle urspr\u00fcnglichen Aromen der Fr\u00fcchte zu bewahren.  Geschmack von Olive und Apfel  Essenspaarung : S\u00fc\u00df zu Beginn andwas s\u00fc\u00df, am Ende durch eine leichte Gew\u00fcrze verst\u00e4rkt  Erh\u00e4ltlich im 250ml Format.\" \/>\n<meta property=\"og:url\" content=\"https:\/\/www.olistori.com\/de\/boutique\/monte-de-portugal-galega\/\" \/>\n<meta property=\"og:site_name\" content=\"Olistori\" \/>\n<meta property=\"article:modified_time\" content=\"2023-07-23T08:10:32+00:00\" \/>\n<meta property=\"og:image\" content=\"https:\/\/www.olistori.com\/wp-content\/uploads\/2018\/05\/IMG_9109-scaled.jpeg\" \/>\n\t<meta property=\"og:image:width\" content=\"699\" \/>\n\t<meta property=\"og:image:height\" content=\"2560\" \/>\n\t<meta property=\"og:image:type\" content=\"image\/jpeg\" \/>\n<meta name=\"twitter:card\" content=\"summary_large_image\" \/>\n<meta name=\"twitter:label1\" content=\"Gesch\u00e4tzte Lesezeit\" \/>\n\t<meta name=\"twitter:data1\" content=\"2\u00a0Minuten\" \/>\n<script type=\"application\/ld+json\" class=\"yoast-schema-graph\">{\"@context\":\"https:\/\/schema.org\",\"@graph\":[{\"@type\":\"WebPage\",\"@id\":\"https:\/\/www.olistori.com\/de\/boutique\/monte-de-portugal-galega\/\",\"url\":\"https:\/\/www.olistori.com\/de\/boutique\/monte-de-portugal-galega\/\",\"name\":\"MONTE DE PORTUGAL Galega - Olistori\",\"isPartOf\":{\"@id\":\"https:\/\/www.olistori.com\/de\/#website\"},\"primaryImageOfPage\":{\"@id\":\"https:\/\/www.olistori.com\/de\/boutique\/monte-de-portugal-galega\/#primaryimage\"},\"image\":{\"@id\":\"https:\/\/www.olistori.com\/de\/boutique\/monte-de-portugal-galega\/#primaryimage\"},\"thumbnailUrl\":\"https:\/\/www.olistori.com\/wp-content\/uploads\/2018\/05\/IMG_9109-scaled.jpeg\",\"datePublished\":\"2018-05-26T20:21:07+00:00\",\"dateModified\":\"2023-07-23T08:10:32+00:00\",\"breadcrumb\":{\"@id\":\"https:\/\/www.olistori.com\/de\/boutique\/monte-de-portugal-galega\/#breadcrumb\"},\"inLanguage\":\"de\",\"potentialAction\":[{\"@type\":\"ReadAction\",\"target\":[\"https:\/\/www.olistori.com\/de\/boutique\/monte-de-portugal-galega\/\"]}]},{\"@type\":\"ImageObject\",\"inLanguage\":\"de\",\"@id\":\"https:\/\/www.olistori.com\/de\/boutique\/monte-de-portugal-galega\/#primaryimage\",\"url\":\"https:\/\/www.olistori.com\/wp-content\/uploads\/2018\/05\/IMG_9109-scaled.jpeg\",\"contentUrl\":\"https:\/\/www.olistori.com\/wp-content\/uploads\/2018\/05\/IMG_9109-scaled.jpeg\",\"width\":699,\"height\":2560},{\"@type\":\"BreadcrumbList\",\"@id\":\"https:\/\/www.olistori.com\/de\/boutique\/monte-de-portugal-galega\/#breadcrumb\",\"itemListElement\":[{\"@type\":\"ListItem\",\"position\":1,\"name\":\"Accueil\",\"item\":\"https:\/\/www.olistori.com\/de\/\"},{\"@type\":\"ListItem\",\"position\":2,\"name\":\"Shop\",\"item\":\"https:\/\/www.olistori.com\/de\/shop\/\"},{\"@type\":\"ListItem\",\"position\":3,\"name\":\"MONTE DE PORTUGAL Galega\"}]},{\"@type\":\"WebSite\",\"@id\":\"https:\/\/www.olistori.com\/de\/#website\",\"url\":\"https:\/\/www.olistori.com\/de\/\",\"name\":\"Olistori\",\"description\":\"HUILES D\u2019OLIVE PORTUGAISES S\u00c9LECTIONN\u00c9ES\",\"potentialAction\":[{\"@type\":\"SearchAction\",\"target\":{\"@type\":\"EntryPoint\",\"urlTemplate\":\"https:\/\/www.olistori.com\/de\/?s={search_term_string}\"},\"query-input\":\"required name=search_term_string\"}],\"inLanguage\":\"de\"}]}<\/script>\n<!-- \/ Yoast SEO plugin. -->","yoast_head_json":{"title":"MONTE DE PORTUGAL Galega - Olistori","robots":{"index":"index","follow":"follow","max-snippet":"max-snippet:-1","max-image-preview":"max-image-preview:large","max-video-preview":"max-video-preview:-1"},"canonical":"https:\/\/www.olistori.com\/de\/boutique\/monte-de-portugal-galega\/","og_locale":"de_DE","og_type":"article","og_title":"MONTE DE PORTUGAL Galega - Olistori","og_description":"Regionale Produktion : Alentejo Norte  Extra natives Oliven\u00f6l der h\u00f6heren Kategorie, das direkt aus Oliven mit mechanischen Methoden und durch Kaltextraktion gewonnen wird, um alle urspr\u00fcnglichen Aromen der Fr\u00fcchte zu bewahren.  Geschmack von Olive und Apfel  Essenspaarung : S\u00fc\u00df zu Beginn andwas s\u00fc\u00df, am Ende durch eine leichte Gew\u00fcrze verst\u00e4rkt  Erh\u00e4ltlich im 250ml Format.","og_url":"https:\/\/www.olistori.com\/de\/boutique\/monte-de-portugal-galega\/","og_site_name":"Olistori","article_modified_time":"2023-07-23T08:10:32+00:00","og_image":[{"width":699,"height":2560,"url":"https:\/\/www.olistori.com\/wp-content\/uploads\/2018\/05\/IMG_9109-scaled.jpeg","type":"image\/jpeg"}],"twitter_card":"summary_large_image","twitter_misc":{"Gesch\u00e4tzte Lesezeit":"2\u00a0Minuten"},"schema":{"@context":"https:\/\/schema.org","@graph":[{"@type":"WebPage","@id":"https:\/\/www.olistori.com\/de\/boutique\/monte-de-portugal-galega\/","url":"https:\/\/www.olistori.com\/de\/boutique\/monte-de-portugal-galega\/","name":"MONTE DE PORTUGAL Galega - Olistori","isPartOf":{"@id":"https:\/\/www.olistori.com\/de\/#website"},"primaryImageOfPage":{"@id":"https:\/\/www.olistori.com\/de\/boutique\/monte-de-portugal-galega\/#primaryimage"},"image":{"@id":"https:\/\/www.olistori.com\/de\/boutique\/monte-de-portugal-galega\/#primaryimage"},"thumbnailUrl":"https:\/\/www.olistori.com\/wp-content\/uploads\/2018\/05\/IMG_9109-scaled.jpeg","datePublished":"2018-05-26T20:21:07+00:00","dateModified":"2023-07-23T08:10:32+00:00","breadcrumb":{"@id":"https:\/\/www.olistori.com\/de\/boutique\/monte-de-portugal-galega\/#breadcrumb"},"inLanguage":"de","potentialAction":[{"@type":"ReadAction","target":["https:\/\/www.olistori.com\/de\/boutique\/monte-de-portugal-galega\/"]}]},{"@type":"ImageObject","inLanguage":"de","@id":"https:\/\/www.olistori.com\/de\/boutique\/monte-de-portugal-galega\/#primaryimage","url":"https:\/\/www.olistori.com\/wp-content\/uploads\/2018\/05\/IMG_9109-scaled.jpeg","contentUrl":"https:\/\/www.olistori.com\/wp-content\/uploads\/2018\/05\/IMG_9109-scaled.jpeg","width":699,"height":2560},{"@type":"BreadcrumbList","@id":"https:\/\/www.olistori.com\/de\/boutique\/monte-de-portugal-galega\/#breadcrumb","itemListElement":[{"@type":"ListItem","position":1,"name":"Accueil","item":"https:\/\/www.olistori.com\/de\/"},{"@type":"ListItem","position":2,"name":"Shop","item":"https:\/\/www.olistori.com\/de\/shop\/"},{"@type":"ListItem","position":3,"name":"MONTE DE PORTUGAL Galega"}]},{"@type":"WebSite","@id":"https:\/\/www.olistori.com\/de\/#website","url":"https:\/\/www.olistori.com\/de\/","name":"Olistori","description":"HUILES D\u2019OLIVE PORTUGAISES S\u00c9LECTIONN\u00c9ES","potentialAction":[{"@type":"SearchAction","target":{"@type":"EntryPoint","urlTemplate":"https:\/\/www.olistori.com\/de\/?s={search_term_string}"},"query-input":"required name=search_term_string"}],"inLanguage":"de"}]}},"_links":{"self":[{"href":"https:\/\/www.olistori.com\/de\/wp-json\/wp\/v2\/product\/1699"}],"collection":[{"href":"https:\/\/www.olistori.com\/de\/wp-json\/wp\/v2\/product"}],"about":[{"href":"https:\/\/www.olistori.com\/de\/wp-json\/wp\/v2\/types\/product"}],"replies":[{"embeddable":true,"href":"https:\/\/www.olistori.com\/de\/wp-json\/wp\/v2\/comments?post=1699"}],"wp:featuredmedia":[{"embeddable":true,"href":"https:\/\/www.olistori.com\/de\/wp-json\/wp\/v2\/media\/20212"}],"wp:attachment":[{"href":"https:\/\/www.olistori.com\/de\/wp-json\/wp\/v2\/media?parent=1699"}],"wp:term":[{"taxonomy":"product_cat","embeddable":true,"href":"https:\/\/www.olistori.com\/de\/wp-json\/wp\/v2\/product_cat?post=1699"},{"taxonomy":"product_tag","embeddable":true,"href":"https:\/\/www.olistori.com\/de\/wp-json\/wp\/v2\/product_tag?post=1699"}],"curies":[{"name":"wp","href":"https:\/\/api.w.org\/{rel}","templated":true}]}}